{"id":142,"date":"2020-04-20T21:03:22","date_gmt":"2020-04-20T19:03:22","guid":{"rendered":"http:\/\/www.91baravin.com\/?page_id=142"},"modified":"2026-01-14T19:49:44","modified_gmt":"2026-01-14T18:49:44","slug":"le-cedre-restaurant-bar-a-vin","status":"publish","type":"page","link":"https:\/\/www.restaurantlecedre.com\/index.php\/le-cedre-restaurant-bar-a-vin\/","title":{"rendered":"\u00c9v\u00e9nement"},"content":{"rendered":"\t\t<div data-elementor-type=\"wp-page\" data-elementor-id=\"142\" class=\"elementor elementor-142\" data-elementor-post-type=\"page\">\n\t\t\t\t\t\t<section class=\"elementor-section elementor-top-section elementor-element elementor-element-b0d8833 elementor-section-boxed elementor-section-height-default elementor-section-height-default\" data-id=\"b0d8833\" data-element_type=\"section\" data-e-type=\"section\" data-settings=\"{&quot;background_background&quot;:&quot;classic&quot;}\">\n\t\t\t\t\t\t<div class=\"elementor-container elementor-column-gap-default\">\n\t\t\t\t\t<div class=\"elementor-column elementor-col-100 elementor-top-column elementor-element elementor-element-1762998\" data-id=\"1762998\" data-element_type=\"column\" data-e-type=\"column\">\n\t\t\t<div class=\"elementor-widget-wrap elementor-element-populated\">\n\t\t\t\t\t\t<div class=\"elementor-element elementor-element-f8de437 elementor-widget elementor-widget-image\" data-id=\"f8de437\" data-element_type=\"widget\" data-e-type=\"widget\" data-widget_type=\"image.default\">\n\t\t\t\t<div class=\"elementor-widget-container\">\n\t\t\t\t\t\t\t\t\t\t\t\t\t\t\t<img fetchpriority=\"high\" decoding=\"async\" width=\"300\" height=\"300\" src=\"https:\/\/www.restaurantlecedre.com\/wp-content\/uploads\/2024\/09\/restautant-baravin-300x300.png\" class=\"attachment-medium size-medium wp-image-3838\" alt=\"\" srcset=\"https:\/\/www.restaurantlecedre.com\/wp-content\/uploads\/2024\/09\/restautant-baravin-300x300.png 300w, https:\/\/www.restaurantlecedre.com\/wp-content\/uploads\/2024\/09\/restautant-baravin-1024x1024.png 1024w, https:\/\/www.restaurantlecedre.com\/wp-content\/uploads\/2024\/09\/restautant-baravin-150x150.png 150w, https:\/\/www.restaurantlecedre.com\/wp-content\/uploads\/2024\/09\/restautant-baravin-768x768.png 768w, https:\/\/www.restaurantlecedre.com\/wp-content\/uploads\/2024\/09\/restautant-baravin-1536x1536.png 1536w, https:\/\/www.restaurantlecedre.com\/wp-content\/uploads\/2024\/09\/restautant-baravin-2048x2048.png 2048w\" sizes=\"(max-width: 300px) 100vw, 300px\" \/>\t\t\t\t\t\t\t\t\t\t\t\t\t\t\t<\/div>\n\t\t\t\t<\/div>\n\t\t\t\t<div class=\"elementor-element elementor-element-5342199 elementor-nav-menu__align-center elementor-nav-menu--dropdown-tablet elementor-nav-menu__text-align-aside elementor-nav-menu--toggle elementor-nav-menu--burger elementor-widget elementor-widget-nav-menu\" data-id=\"5342199\" data-element_type=\"widget\" data-e-type=\"widget\" data-settings=\"{&quot;layout&quot;:&quot;horizontal&quot;,&quot;submenu_icon&quot;:{&quot;value&quot;:&quot;&lt;i class=\\&quot;fas fa-caret-down\\&quot; aria-hidden=\\&quot;true\\&quot;&gt;&lt;\\\/i&gt;&quot;,&quot;library&quot;:&quot;fa-solid&quot;},&quot;toggle&quot;:&quot;burger&quot;}\" data-widget_type=\"nav-menu.default\">\n\t\t\t\t<div class=\"elementor-widget-container\">\n\t\t\t\t\t\t\t\t<nav aria-label=\"Menu\" class=\"elementor-nav-menu--main elementor-nav-menu__container elementor-nav-menu--layout-horizontal e--pointer-underline e--animation-fade\">\n\t\t\t\t<ul id=\"menu-1-5342199\" class=\"elementor-nav-menu\"><li class=\"menu-item menu-item-type-post_type menu-item-object-page menu-item-home menu-item-2468\"><a href=\"https:\/\/www.restaurantlecedre.com\/\" class=\"elementor-item\">Accueil<\/a><\/li>\n<li class=\"menu-item menu-item-type-post_type menu-item-object-page menu-item-1865\"><a href=\"https:\/\/www.restaurantlecedre.com\/index.php\/la-carte\/\" class=\"elementor-item\">La Carte<\/a><\/li>\n<li class=\"menu-item menu-item-type-post_type menu-item-object-page menu-item-3726\"><a href=\"https:\/\/www.restaurantlecedre.com\/index.php\/le-cedre-restaurant-bar-a-vin\/\" class=\"elementor-item\">\u00c9v\u00e9nements<\/a><\/li>\n<li class=\"menu-item menu-item-type-post_type menu-item-object-page menu-item-3717\"><a href=\"https:\/\/www.restaurantlecedre.com\/index.php\/groupe-et-privatisation\/\" class=\"elementor-item\">Groupe et privatisation<\/a><\/li>\n<li class=\"menu-item menu-item-type-post_type menu-item-object-page menu-item-1517\"><a href=\"https:\/\/www.restaurantlecedre.com\/index.php\/bon-cadeau\/\" class=\"elementor-item\">Bon Cadeau<\/a><\/li>\n<li class=\"menu-item menu-item-type-post_type menu-item-object-page menu-item-has-children menu-item-583\"><a href=\"https:\/\/www.restaurantlecedre.com\/index.php\/contact\/\" class=\"elementor-item\">Horaires &#038; Contact<\/a>\n<ul class=\"sub-menu elementor-nav-menu--dropdown\">\n\t<li class=\"menu-item menu-item-type-post_type menu-item-object-page menu-item-978\"><a href=\"https:\/\/www.restaurantlecedre.com\/?page_id=963\" class=\"elementor-sub-item\">Qui suis-je ?<\/a><\/li>\n<\/ul>\n<\/li>\n<\/ul>\t\t\t<\/nav>\n\t\t\t\t\t<div class=\"elementor-menu-toggle\" role=\"button\" tabindex=\"0\" aria-label=\"Permuter le menu\" aria-expanded=\"false\">\n\t\t\t<i aria-hidden=\"true\" role=\"presentation\" class=\"elementor-menu-toggle__icon--open eicon-menu-bar\"><\/i><i aria-hidden=\"true\" role=\"presentation\" class=\"elementor-menu-toggle__icon--close eicon-close\"><\/i>\t\t<\/div>\n\t\t\t\t\t<nav class=\"elementor-nav-menu--dropdown elementor-nav-menu__container\" aria-hidden=\"true\">\n\t\t\t\t<ul id=\"menu-2-5342199\" class=\"elementor-nav-menu\"><li class=\"menu-item menu-item-type-post_type menu-item-object-page menu-item-home menu-item-2468\"><a href=\"https:\/\/www.restaurantlecedre.com\/\" class=\"elementor-item\" tabindex=\"-1\">Accueil<\/a><\/li>\n<li class=\"menu-item menu-item-type-post_type menu-item-object-page menu-item-1865\"><a href=\"https:\/\/www.restaurantlecedre.com\/index.php\/la-carte\/\" class=\"elementor-item\" tabindex=\"-1\">La Carte<\/a><\/li>\n<li class=\"menu-item menu-item-type-post_type menu-item-object-page menu-item-3726\"><a href=\"https:\/\/www.restaurantlecedre.com\/index.php\/le-cedre-restaurant-bar-a-vin\/\" class=\"elementor-item\" tabindex=\"-1\">\u00c9v\u00e9nements<\/a><\/li>\n<li class=\"menu-item menu-item-type-post_type menu-item-object-page menu-item-3717\"><a href=\"https:\/\/www.restaurantlecedre.com\/index.php\/groupe-et-privatisation\/\" class=\"elementor-item\" tabindex=\"-1\">Groupe et privatisation<\/a><\/li>\n<li class=\"menu-item menu-item-type-post_type menu-item-object-page menu-item-1517\"><a href=\"https:\/\/www.restaurantlecedre.com\/index.php\/bon-cadeau\/\" class=\"elementor-item\" tabindex=\"-1\">Bon Cadeau<\/a><\/li>\n<li class=\"menu-item menu-item-type-post_type menu-item-object-page menu-item-has-children menu-item-583\"><a href=\"https:\/\/www.restaurantlecedre.com\/index.php\/contact\/\" class=\"elementor-item\" tabindex=\"-1\">Horaires &#038; Contact<\/a>\n<ul class=\"sub-menu elementor-nav-menu--dropdown\">\n\t<li class=\"menu-item menu-item-type-post_type menu-item-object-page menu-item-978\"><a href=\"https:\/\/www.restaurantlecedre.com\/?page_id=963\" class=\"elementor-sub-item\" tabindex=\"-1\">Qui suis-je ?<\/a><\/li>\n<\/ul>\n<\/li>\n<\/ul>\t\t\t<\/nav>\n\t\t\t\t\t\t<\/div>\n\t\t\t\t<\/div>\n\t\t\t\t\t<\/div>\n\t\t<\/div>\n\t\t\t\t\t<\/div>\n\t\t<\/section>\n\t\t\t\t<section class=\"elementor-section elementor-top-section elementor-element elementor-element-eb066c6 elementor-section-boxed elementor-section-height-default elementor-section-height-default\" data-id=\"eb066c6\" data-element_type=\"section\" data-e-type=\"section\">\n\t\t\t\t\t\t<div class=\"elementor-container elementor-column-gap-default\">\n\t\t\t\t\t<div class=\"elementor-column elementor-col-100 elementor-top-column elementor-element elementor-element-f246e15\" data-id=\"f246e15\" data-element_type=\"column\" data-e-type=\"column\">\n\t\t\t<div class=\"elementor-widget-wrap elementor-element-populated\">\n\t\t\t\t\t\t<div class=\"elementor-element elementor-element-73b1f0b elementor-widget elementor-widget-heading\" data-id=\"73b1f0b\" data-element_type=\"widget\" data-e-type=\"widget\" data-widget_type=\"heading.default\">\n\t\t\t\t<div class=\"elementor-widget-container\">\n\t\t\t\t\t<h2 class=\"elementor-heading-title elementor-size-default\">\u00c9v\u00e9nement \u00e0 venir <\/h2>\t\t\t\t<\/div>\n\t\t\t\t<\/div>\n\t\t\t\t\t<\/div>\n\t\t<\/div>\n\t\t\t\t\t<\/div>\n\t\t<\/section>\n\t\t\t\t<section class=\"elementor-section elementor-top-section elementor-element elementor-element-6d793cf elementor-section-boxed elementor-section-height-default elementor-section-height-default\" data-id=\"6d793cf\" data-element_type=\"section\" data-e-type=\"section\">\n\t\t\t\t\t\t<div class=\"elementor-container elementor-column-gap-default\">\n\t\t\t\t\t<div class=\"elementor-column elementor-col-100 elementor-top-column elementor-element elementor-element-ff24883\" data-id=\"ff24883\" data-element_type=\"column\" data-e-type=\"column\">\n\t\t\t<div class=\"elementor-widget-wrap elementor-element-populated\">\n\t\t\t\t\t\t<div class=\"elementor-element elementor-element-9a2059f elementor-widget elementor-widget-image\" data-id=\"9a2059f\" data-element_type=\"widget\" data-e-type=\"widget\" data-widget_type=\"image.default\">\n\t\t\t\t<div class=\"elementor-widget-container\">\n\t\t\t\t\t\t\t\t\t\t\t\t\t\t\t<img decoding=\"async\" width=\"724\" height=\"1024\" src=\"https:\/\/www.restaurantlecedre.com\/wp-content\/uploads\/2026\/01\/Menu-Mai-2025-4-724x1024.jpg\" class=\"attachment-large size-large wp-image-4548\" alt=\"\" srcset=\"https:\/\/www.restaurantlecedre.com\/wp-content\/uploads\/2026\/01\/Menu-Mai-2025-4-724x1024.jpg 724w, https:\/\/www.restaurantlecedre.com\/wp-content\/uploads\/2026\/01\/Menu-Mai-2025-4-212x300.jpg 212w, https:\/\/www.restaurantlecedre.com\/wp-content\/uploads\/2026\/01\/Menu-Mai-2025-4-768x1086.jpg 768w, https:\/\/www.restaurantlecedre.com\/wp-content\/uploads\/2026\/01\/Menu-Mai-2025-4-1086x1536.jpg 1086w, https:\/\/www.restaurantlecedre.com\/wp-content\/uploads\/2026\/01\/Menu-Mai-2025-4.jpg 1414w\" sizes=\"(max-width: 724px) 100vw, 724px\" \/>\t\t\t\t\t\t\t\t\t\t\t\t\t\t\t<\/div>\n\t\t\t\t<\/div>\n\t\t\t\t\t<\/div>\n\t\t<\/div>\n\t\t\t\t\t<\/div>\n\t\t<\/section>\n\t\t\t\t<section class=\"elementor-section elementor-top-section elementor-element elementor-element-ff2d23c elementor-section-full_width elementor-section-height-min-height elementor-section-items-top elementor-section-content-top elementor-section-height-default\" data-id=\"ff2d23c\" data-element_type=\"section\" data-e-type=\"section\" data-settings=\"{&quot;background_background&quot;:&quot;classic&quot;}\">\n\t\t\t\t\t\t<div class=\"elementor-container elementor-column-gap-default\">\n\t\t\t\t\t<div class=\"elementor-column elementor-col-33 elementor-top-column elementor-element elementor-element-49af562\" data-id=\"49af562\" data-element_type=\"column\" data-e-type=\"column\">\n\t\t\t<div class=\"elementor-widget-wrap elementor-element-populated\">\n\t\t\t\t\t\t<div class=\"elementor-element elementor-element-45da697 elementor-widget elementor-widget-global elementor-global-703 elementor-widget-heading\" data-id=\"45da697\" data-element_type=\"widget\" data-e-type=\"widget\" data-widget_type=\"heading.default\">\n\t\t\t\t<div class=\"elementor-widget-container\">\n\t\t\t\t\t<h2 class=\"elementor-heading-title elementor-size-default\">Horaires d'ouverture <\/h2>\t\t\t\t<\/div>\n\t\t\t\t<\/div>\n\t\t\t\t<div class=\"elementor-element elementor-element-e1ed956 elementor-widget elementor-widget-global elementor-global-706 elementor-widget-text-editor\" data-id=\"e1ed956\" data-element_type=\"widget\" data-e-type=\"widget\" data-widget_type=\"text-editor.default\">\n\t\t\t\t<div class=\"elementor-widget-container\">\n\t\t\t\t\t\t\t\t\t<p><strong>Du Lundi au Samedi :<\/strong><\/p><p>D\u00e9jeuner de 12h \u00e0 14h<\/p><p>Soir\u00e9e de 19h \u00e0 22h<\/p><p><strong>Dimanche<\/strong>:<\/p><p>D\u00e9jeuner \u00a0de 12h \u00e0 14h<\/p>\t\t\t\t\t\t\t\t<\/div>\n\t\t\t\t<\/div>\n\t\t\t\t<div class=\"elementor-element elementor-element-637cdb75 elementor-widget elementor-widget-image\" data-id=\"637cdb75\" data-element_type=\"widget\" data-e-type=\"widget\" data-widget_type=\"image.default\">\n\t\t\t\t<div class=\"elementor-widget-container\">\n\t\t\t\t\t\t\t\t\t\t\t\t\t\t\t<img decoding=\"async\" width=\"2560\" height=\"1748\" src=\"https:\/\/www.restaurantlecedre.com\/wp-content\/uploads\/2024\/06\/IMG_4888-2-scaled.jpeg\" class=\"attachment-full size-full wp-image-3636\" alt=\"bar a vin villefranche sur saone, selection bouteilles de vin\" srcset=\"https:\/\/www.restaurantlecedre.com\/wp-content\/uploads\/2024\/06\/IMG_4888-2-scaled.jpeg 2560w, https:\/\/www.restaurantlecedre.com\/wp-content\/uploads\/2024\/06\/IMG_4888-2-300x205.jpeg 300w, https:\/\/www.restaurantlecedre.com\/wp-content\/uploads\/2024\/06\/IMG_4888-2-1024x699.jpeg 1024w, https:\/\/www.restaurantlecedre.com\/wp-content\/uploads\/2024\/06\/IMG_4888-2-768x524.jpeg 768w, https:\/\/www.restaurantlecedre.com\/wp-content\/uploads\/2024\/06\/IMG_4888-2-1536x1049.jpeg 1536w, https:\/\/www.restaurantlecedre.com\/wp-content\/uploads\/2024\/06\/IMG_4888-2-2048x1398.jpeg 2048w\" sizes=\"(max-width: 2560px) 100vw, 2560px\" \/>\t\t\t\t\t\t\t\t\t\t\t\t\t\t\t<\/div>\n\t\t\t\t<\/div>\n\t\t\t\t\t<\/div>\n\t\t<\/div>\n\t\t\t\t<div class=\"elementor-column elementor-col-33 elementor-top-column elementor-element elementor-element-e618e52\" data-id=\"e618e52\" data-element_type=\"column\" data-e-type=\"column\">\n\t\t\t<div class=\"elementor-widget-wrap elementor-element-populated\">\n\t\t\t\t\t\t<div class=\"elementor-element elementor-element-f86432d elementor-widget elementor-widget-global elementor-global-712 elementor-widget-text-editor\" data-id=\"f86432d\" data-element_type=\"widget\" data-e-type=\"widget\" data-widget_type=\"text-editor.default\">\n\t\t\t\t<div class=\"elementor-widget-container\">\n\t\t\t\t\t\t\t\t\t<p><img loading=\"lazy\" decoding=\"async\" class=\"wp-image-693 aligncenter\" src=\"http:\/\/www.91baravin.com\/wp-content\/uploads\/2020\/09\/telephone.png\" alt=\"\" width=\"36\" height=\"36\" \/><a href=\"tel:+33474090268\">04 74 09 02 68<\/a><\/p>\t\t\t\t\t\t\t\t<\/div>\n\t\t\t\t<\/div>\n\t\t\t\t<div class=\"elementor-element elementor-element-59af8eb elementor-view-stacked elementor-shape-circle elementor-position-block-start elementor-mobile-position-block-start elementor-widget elementor-widget-global elementor-global-715 elementor-widget-icon-box\" data-id=\"59af8eb\" data-element_type=\"widget\" data-e-type=\"widget\" data-widget_type=\"icon-box.default\">\n\t\t\t\t<div class=\"elementor-widget-container\">\n\t\t\t\t\t\t\t<div class=\"elementor-icon-box-wrapper\">\n\n\t\t\t\t\t\t<div class=\"elementor-icon-box-icon\">\n\t\t\t\t<a href=\"tel:+33474090268\" class=\"elementor-icon\" tabindex=\"-1\">\n\t\t\t\t<i aria-hidden=\"true\" class=\"fas fa-map-marker-alt\"><\/i>\t\t\t\t<\/a>\n\t\t\t<\/div>\n\t\t\t\n\t\t\t\t\t\t<div class=\"elementor-icon-box-content\">\n\n\t\t\t\t\n\t\t\t\t\t\t\t\t\t<p class=\"elementor-icon-box-description\">\n\t\t\t\t\t\t196 rue Roncevaux\n\n69400 Villefranche S\/ Sa\u00f4ne\t\t\t\t\t<\/p>\n\t\t\t\t\n\t\t\t<\/div>\n\t\t\t\n\t\t<\/div>\n\t\t\t\t\t\t<\/div>\n\t\t\t\t<\/div>\n\t\t\t\t<div class=\"elementor-element elementor-element-b1134b0 elementor-shape-circle elementor-grid-0 e-grid-align-center elementor-widget elementor-widget-global elementor-global-718 elementor-widget-social-icons\" data-id=\"b1134b0\" data-element_type=\"widget\" data-e-type=\"widget\" data-widget_type=\"social-icons.default\">\n\t\t\t\t<div class=\"elementor-widget-container\">\n\t\t\t\t\t\t\t<div class=\"elementor-social-icons-wrapper elementor-grid\" role=\"list\">\n\t\t\t\t\t\t\t<span class=\"elementor-grid-item\" role=\"listitem\">\n\t\t\t\t\t<a class=\"elementor-icon elementor-social-icon elementor-social-icon-facebook elementor-repeater-item-092d559\" href=\"https:\/\/www.facebook.com\/restaurantlecedrevillefranche\" target=\"_blank\">\n\t\t\t\t\t\t<span class=\"elementor-screen-only\">Facebook<\/span>\n\t\t\t\t\t\t<i aria-hidden=\"true\" class=\"fab fa-facebook\"><\/i>\t\t\t\t\t<\/a>\n\t\t\t\t<\/span>\n\t\t\t\t\t\t\t<span class=\"elementor-grid-item\" role=\"listitem\">\n\t\t\t\t\t<a class=\"elementor-icon elementor-social-icon elementor-social-icon-tripadvisor elementor-repeater-item-6e7c06c\" href=\"https:\/\/www.tripadvisor.fr\/Restaurant_Review-g187274-d6689094-Reviews-91_Rue_Stalingrad-Villefranche_sur_Saone_Rhone_Auvergne_Rhone_Alpes.html\" target=\"_blank\">\n\t\t\t\t\t\t<span class=\"elementor-screen-only\">Tripadvisor<\/span>\n\t\t\t\t\t\t<i aria-hidden=\"true\" class=\"fab fa-tripadvisor\"><\/i>\t\t\t\t\t<\/a>\n\t\t\t\t<\/span>\n\t\t\t\t\t\t\t<span class=\"elementor-grid-item\" role=\"listitem\">\n\t\t\t\t\t<a class=\"elementor-icon elementor-social-icon elementor-social-icon-instagram elementor-repeater-item-8927cc6\" href=\"https:\/\/www.instagram.com\/le_cedre_villefranche\/\" target=\"_blank\">\n\t\t\t\t\t\t<span class=\"elementor-screen-only\">Instagram<\/span>\n\t\t\t\t\t\t<i aria-hidden=\"true\" class=\"fab fa-instagram\"><\/i>\t\t\t\t\t<\/a>\n\t\t\t\t<\/span>\n\t\t\t\t\t<\/div>\n\t\t\t\t\t\t<\/div>\n\t\t\t\t<\/div>\n\t\t\t\t<div class=\"elementor-element elementor-element-0646675 elementor-widget elementor-widget-global elementor-global-721 elementor-widget-image\" data-id=\"0646675\" data-element_type=\"widget\" data-e-type=\"widget\" data-widget_type=\"image.default\">\n\t\t\t\t<div class=\"elementor-widget-container\">\n\t\t\t\t\t\t\t\t\t\t\t\t\t\t\t\t<a href=\"https:\/\/www.beaujolais.com\/deguster\/les-bistrots-beaujolais-l-ame-du-vignoble-du-verre-a-lassiette\/\" target=\"_blank\">\n\t\t\t\t\t\t\t<img decoding=\"async\" src=\"https:\/\/www.restaurantlecedre.com\/wp-content\/uploads\/elementor\/thumbs\/bistrot-beaujolais-qtt47y82wginoc80aqj13p4w1n6rqlaswkojhelzko.png\" title=\"bistrot-beaujolais\" alt=\"bistrot-beaujolais\" loading=\"lazy\" \/>\t\t\t\t\t\t\t\t<\/a>\n\t\t\t\t\t\t\t\t\t\t\t\t\t\t\t<\/div>\n\t\t\t\t<\/div>\n\t\t\t\t\t<\/div>\n\t\t<\/div>\n\t\t\t\t<div class=\"elementor-column elementor-col-33 elementor-top-column elementor-element elementor-element-b81ee9f\" data-id=\"b81ee9f\" data-element_type=\"column\" data-e-type=\"column\">\n\t\t\t<div class=\"elementor-widget-wrap elementor-element-populated\">\n\t\t\t\t\t\t<div class=\"elementor-element elementor-element-c2194f8 elementor-widget elementor-widget-global elementor-global-724 elementor-widget-google_maps\" data-id=\"c2194f8\" data-element_type=\"widget\" data-e-type=\"widget\" data-widget_type=\"google_maps.default\">\n\t\t\t\t<div class=\"elementor-widget-container\">\n\t\t\t\t\t\t\t<div class=\"elementor-custom-embed\">\n\t\t\t<iframe loading=\"lazy\"\n\t\t\t\t\tsrc=\"https:\/\/maps.google.com\/maps?q=196%20rue%20Roncevaux%2069400%20Villefranche%20sur%20saone&#038;t=m&#038;z=14&#038;output=embed&#038;iwloc=near\"\n\t\t\t\t\ttitle=\"196 rue Roncevaux 69400 Villefranche sur saone\"\n\t\t\t\t\taria-label=\"196 rue Roncevaux 69400 Villefranche sur saone\"\n\t\t\t><\/iframe>\n\t\t<\/div>\n\t\t\t\t\t\t<\/div>\n\t\t\t\t<\/div>\n\t\t\t\t\t<\/div>\n\t\t<\/div>\n\t\t\t\t\t<\/div>\n\t\t<\/section>\n\t\t\t\t<\/div>\n\t\t","protected":false},"excerpt":{"rendered":"<p>\u00c9v\u00e9nement \u00e0 venir Horaires d&rsquo;ouverture Du Lundi au Samedi : D\u00e9jeuner de 12h \u00e0 14h Soir\u00e9e de 19h \u00e0 22h Dimanche: D\u00e9jeuner \u00a0de 12h \u00e0 14h 04 74 09 02 68 196 rue Roncevaux 69400 Villefranche S\/ Sa\u00f4ne Facebook Tripadvisor Instagram<\/p>\n","protected":false},"author":1,"featured_media":0,"parent":0,"menu_order":0,"comment_status":"closed","ping_status":"closed","template":"elementor_canvas","meta":{"_monsterinsights_skip_tracking":false,"_monsterinsights_sitenote_active":false,"_monsterinsights_sitenote_note":"","_monsterinsights_sitenote_category":0,"footnotes":""},"class_list":["post-142","page","type-page","status-publish","hentry"],"yoast_head":"<!-- This site is optimized with the Yoast SEO plugin v27.2 - https:\/\/yoast.com\/product\/yoast-seo-wordpress\/ -->\n<title>\u00c9VENEMENTS<\/title>\n<meta name=\"description\" content=\"D\u00e9couvrez nos \u00e9v\u00e9nements, mis en avant de moment fort de l&#039;ann\u00e9e pour venir profiter de notre table et de l&#039;esprit du bar \u00e0 vin\" \/>\n<meta name=\"robots\" content=\"index, follow, max-snippet:-1, max-image-preview:large, max-video-preview:-1\" \/>\n<link rel=\"canonical\" href=\"https:\/\/www.restaurantlecedre.com\/index.php\/le-cedre-restaurant-bar-a-vin\/\" \/>\n<meta property=\"og:locale\" content=\"fr_FR\" \/>\n<meta property=\"og:type\" content=\"article\" \/>\n<meta property=\"og:title\" content=\"\u00c9VENEMENTS\" \/>\n<meta property=\"og:description\" content=\"D\u00e9couvrez nos \u00e9v\u00e9nements, mis en avant de moment fort de l&#039;ann\u00e9e pour venir profiter de notre table et de l&#039;esprit du bar \u00e0 vin\" \/>\n<meta property=\"og:url\" content=\"https:\/\/www.restaurantlecedre.com\/index.php\/le-cedre-restaurant-bar-a-vin\/\" \/>\n<meta property=\"og:site_name\" content=\"restaurantlecedre\" \/>\n<meta property=\"article:publisher\" content=\"https:\/\/www.facebook.com\/le91baravin\" \/>\n<meta property=\"article:modified_time\" content=\"2026-01-14T18:49:44+00:00\" \/>\n<meta property=\"og:image\" content=\"https:\/\/www.restaurantlecedre.com\/wp-content\/uploads\/2024\/09\/restautant-baravin.png\" \/>\n\t<meta property=\"og:image:width\" content=\"3224\" \/>\n\t<meta property=\"og:image:height\" content=\"3224\" \/>\n\t<meta property=\"og:image:type\" content=\"image\/png\" \/>\n<meta name=\"twitter:card\" content=\"summary_large_image\" \/>\n<meta name=\"twitter:label1\" content=\"Dur\u00e9e de lecture estim\u00e9e\" \/>\n\t<meta name=\"twitter:data1\" content=\"2 minutes\" \/>\n<script type=\"application\/ld+json\" class=\"yoast-schema-graph\">{\"@context\":\"https:\/\/schema.org\",\"@graph\":[{\"@type\":\"WebPage\",\"@id\":\"https:\/\/www.restaurantlecedre.com\/index.php\/le-cedre-restaurant-bar-a-vin\/\",\"url\":\"https:\/\/www.restaurantlecedre.com\/index.php\/le-cedre-restaurant-bar-a-vin\/\",\"name\":\"\u00c9VENEMENTS\",\"isPartOf\":{\"@id\":\"https:\/\/www.restaurantlecedre.com\/#website\"},\"primaryImageOfPage\":{\"@id\":\"https:\/\/www.restaurantlecedre.com\/index.php\/le-cedre-restaurant-bar-a-vin\/#primaryimage\"},\"image\":{\"@id\":\"https:\/\/www.restaurantlecedre.com\/index.php\/le-cedre-restaurant-bar-a-vin\/#primaryimage\"},\"thumbnailUrl\":\"https:\/\/www.restaurantlecedre.com\/wp-content\/uploads\/2024\/09\/restautant-baravin-300x300.png\",\"datePublished\":\"2020-04-20T19:03:22+00:00\",\"dateModified\":\"2026-01-14T18:49:44+00:00\",\"description\":\"D\u00e9couvrez nos \u00e9v\u00e9nements, mis en avant de moment fort de l'ann\u00e9e pour venir profiter de notre table et de l'esprit du bar \u00e0 vin\",\"breadcrumb\":{\"@id\":\"https:\/\/www.restaurantlecedre.com\/index.php\/le-cedre-restaurant-bar-a-vin\/#breadcrumb\"},\"inLanguage\":\"fr-FR\",\"potentialAction\":[{\"@type\":\"ReadAction\",\"target\":[\"https:\/\/www.restaurantlecedre.com\/index.php\/le-cedre-restaurant-bar-a-vin\/\"]}]},{\"@type\":\"ImageObject\",\"inLanguage\":\"fr-FR\",\"@id\":\"https:\/\/www.restaurantlecedre.com\/index.php\/le-cedre-restaurant-bar-a-vin\/#primaryimage\",\"url\":\"https:\/\/www.restaurantlecedre.com\/wp-content\/uploads\/2024\/09\/restautant-baravin.png\",\"contentUrl\":\"https:\/\/www.restaurantlecedre.com\/wp-content\/uploads\/2024\/09\/restautant-baravin.png\",\"width\":3224,\"height\":3224},{\"@type\":\"BreadcrumbList\",\"@id\":\"https:\/\/www.restaurantlecedre.com\/index.php\/le-cedre-restaurant-bar-a-vin\/#breadcrumb\",\"itemListElement\":[{\"@type\":\"ListItem\",\"position\":1,\"name\":\"Accueil\",\"item\":\"https:\/\/www.restaurantlecedre.com\/\"},{\"@type\":\"ListItem\",\"position\":2,\"name\":\"\u00c9v\u00e9nement\"}]},{\"@type\":\"WebSite\",\"@id\":\"https:\/\/www.restaurantlecedre.com\/#website\",\"url\":\"https:\/\/www.restaurantlecedre.com\/\",\"name\":\"restaurantlecedre\",\"description\":\"Restaurant-bar a vin- caviste\",\"publisher\":{\"@id\":\"https:\/\/www.restaurantlecedre.com\/#organization\"},\"potentialAction\":[{\"@type\":\"SearchAction\",\"target\":{\"@type\":\"EntryPoint\",\"urlTemplate\":\"https:\/\/www.restaurantlecedre.com\/?s={search_term_string}\"},\"query-input\":{\"@type\":\"PropertyValueSpecification\",\"valueRequired\":true,\"valueName\":\"search_term_string\"}}],\"inLanguage\":\"fr-FR\"},{\"@type\":\"Organization\",\"@id\":\"https:\/\/www.restaurantlecedre.com\/#organization\",\"name\":\"restaurantlecedre\",\"url\":\"https:\/\/www.restaurantlecedre.com\/\",\"logo\":{\"@type\":\"ImageObject\",\"inLanguage\":\"fr-FR\",\"@id\":\"https:\/\/www.restaurantlecedre.com\/#\/schema\/logo\/image\/\",\"url\":\"https:\/\/www.restaurantlecedre.com\/wp-content\/uploads\/2024\/09\/cropped-restautant-baravin-1.png\",\"contentUrl\":\"https:\/\/www.restaurantlecedre.com\/wp-content\/uploads\/2024\/09\/cropped-restautant-baravin-1.png\",\"width\":512,\"height\":512,\"caption\":\"restaurantlecedre\"},\"image\":{\"@id\":\"https:\/\/www.restaurantlecedre.com\/#\/schema\/logo\/image\/\"},\"sameAs\":[\"https:\/\/www.facebook.com\/le91baravin\"]}]}<\/script>\n<!-- \/ Yoast SEO plugin. -->","yoast_head_json":{"title":"\u00c9VENEMENTS","description":"D\u00e9couvrez nos \u00e9v\u00e9nements, mis en avant de moment fort de l'ann\u00e9e pour venir profiter de notre table et de l'esprit du bar \u00e0 vin","robots":{"index":"index","follow":"follow","max-snippet":"max-snippet:-1","max-image-preview":"max-image-preview:large","max-video-preview":"max-video-preview:-1"},"canonical":"https:\/\/www.restaurantlecedre.com\/index.php\/le-cedre-restaurant-bar-a-vin\/","og_locale":"fr_FR","og_type":"article","og_title":"\u00c9VENEMENTS","og_description":"D\u00e9couvrez nos \u00e9v\u00e9nements, mis en avant de moment fort de l'ann\u00e9e pour venir profiter de notre table et de l'esprit du bar \u00e0 vin","og_url":"https:\/\/www.restaurantlecedre.com\/index.php\/le-cedre-restaurant-bar-a-vin\/","og_site_name":"restaurantlecedre","article_publisher":"https:\/\/www.facebook.com\/le91baravin","article_modified_time":"2026-01-14T18:49:44+00:00","og_image":[{"width":3224,"height":3224,"url":"https:\/\/www.restaurantlecedre.com\/wp-content\/uploads\/2024\/09\/restautant-baravin.png","type":"image\/png"}],"twitter_card":"summary_large_image","twitter_misc":{"Dur\u00e9e de lecture estim\u00e9e":"2 minutes"},"schema":{"@context":"https:\/\/schema.org","@graph":[{"@type":"WebPage","@id":"https:\/\/www.restaurantlecedre.com\/index.php\/le-cedre-restaurant-bar-a-vin\/","url":"https:\/\/www.restaurantlecedre.com\/index.php\/le-cedre-restaurant-bar-a-vin\/","name":"\u00c9VENEMENTS","isPartOf":{"@id":"https:\/\/www.restaurantlecedre.com\/#website"},"primaryImageOfPage":{"@id":"https:\/\/www.restaurantlecedre.com\/index.php\/le-cedre-restaurant-bar-a-vin\/#primaryimage"},"image":{"@id":"https:\/\/www.restaurantlecedre.com\/index.php\/le-cedre-restaurant-bar-a-vin\/#primaryimage"},"thumbnailUrl":"https:\/\/www.restaurantlecedre.com\/wp-content\/uploads\/2024\/09\/restautant-baravin-300x300.png","datePublished":"2020-04-20T19:03:22+00:00","dateModified":"2026-01-14T18:49:44+00:00","description":"D\u00e9couvrez nos \u00e9v\u00e9nements, mis en avant de moment fort de l'ann\u00e9e pour venir profiter de notre table et de l'esprit du bar \u00e0 vin","breadcrumb":{"@id":"https:\/\/www.restaurantlecedre.com\/index.php\/le-cedre-restaurant-bar-a-vin\/#breadcrumb"},"inLanguage":"fr-FR","potentialAction":[{"@type":"ReadAction","target":["https:\/\/www.restaurantlecedre.com\/index.php\/le-cedre-restaurant-bar-a-vin\/"]}]},{"@type":"ImageObject","inLanguage":"fr-FR","@id":"https:\/\/www.restaurantlecedre.com\/index.php\/le-cedre-restaurant-bar-a-vin\/#primaryimage","url":"https:\/\/www.restaurantlecedre.com\/wp-content\/uploads\/2024\/09\/restautant-baravin.png","contentUrl":"https:\/\/www.restaurantlecedre.com\/wp-content\/uploads\/2024\/09\/restautant-baravin.png","width":3224,"height":3224},{"@type":"BreadcrumbList","@id":"https:\/\/www.restaurantlecedre.com\/index.php\/le-cedre-restaurant-bar-a-vin\/#breadcrumb","itemListElement":[{"@type":"ListItem","position":1,"name":"Accueil","item":"https:\/\/www.restaurantlecedre.com\/"},{"@type":"ListItem","position":2,"name":"\u00c9v\u00e9nement"}]},{"@type":"WebSite","@id":"https:\/\/www.restaurantlecedre.com\/#website","url":"https:\/\/www.restaurantlecedre.com\/","name":"restaurantlecedre","description":"Restaurant-bar a vin- caviste","publisher":{"@id":"https:\/\/www.restaurantlecedre.com\/#organization"},"potentialAction":[{"@type":"SearchAction","target":{"@type":"EntryPoint","urlTemplate":"https:\/\/www.restaurantlecedre.com\/?s={search_term_string}"},"query-input":{"@type":"PropertyValueSpecification","valueRequired":true,"valueName":"search_term_string"}}],"inLanguage":"fr-FR"},{"@type":"Organization","@id":"https:\/\/www.restaurantlecedre.com\/#organization","name":"restaurantlecedre","url":"https:\/\/www.restaurantlecedre.com\/","logo":{"@type":"ImageObject","inLanguage":"fr-FR","@id":"https:\/\/www.restaurantlecedre.com\/#\/schema\/logo\/image\/","url":"https:\/\/www.restaurantlecedre.com\/wp-content\/uploads\/2024\/09\/cropped-restautant-baravin-1.png","contentUrl":"https:\/\/www.restaurantlecedre.com\/wp-content\/uploads\/2024\/09\/cropped-restautant-baravin-1.png","width":512,"height":512,"caption":"restaurantlecedre"},"image":{"@id":"https:\/\/www.restaurantlecedre.com\/#\/schema\/logo\/image\/"},"sameAs":["https:\/\/www.facebook.com\/le91baravin"]}]}},"_links":{"self":[{"href":"https:\/\/www.restaurantlecedre.com\/index.php\/wp-json\/wp\/v2\/pages\/142","targetHints":{"allow":["GET"]}}],"collection":[{"href":"https:\/\/www.restaurantlecedre.com\/index.php\/wp-json\/wp\/v2\/pages"}],"about":[{"href":"https:\/\/www.restaurantlecedre.com\/index.php\/wp-json\/wp\/v2\/types\/page"}],"author":[{"embeddable":true,"href":"https:\/\/www.restaurantlecedre.com\/index.php\/wp-json\/wp\/v2\/users\/1"}],"replies":[{"embeddable":true,"href":"https:\/\/www.restaurantlecedre.com\/index.php\/wp-json\/wp\/v2\/comments?post=142"}],"version-history":[{"count":134,"href":"https:\/\/www.restaurantlecedre.com\/index.php\/wp-json\/wp\/v2\/pages\/142\/revisions"}],"predecessor-version":[{"id":4551,"href":"https:\/\/www.restaurantlecedre.com\/index.php\/wp-json\/wp\/v2\/pages\/142\/revisions\/4551"}],"wp:attachment":[{"href":"https:\/\/www.restaurantlecedre.com\/index.php\/wp-json\/wp\/v2\/media?parent=142"}],"curies":[{"name":"wp","href":"https:\/\/api.w.org\/{rel}","templated":true}]}}