{"id":759,"date":"2020-09-16T16:17:51","date_gmt":"2020-09-16T14:17:51","guid":{"rendered":"http:\/\/www.91baravin.com\/?page_id=759"},"modified":"2026-04-29T19:18:01","modified_gmt":"2026-04-29T17:18:01","slug":"la-carte","status":"publish","type":"page","link":"https:\/\/www.restaurantlecedre.com\/index.php\/la-carte\/","title":{"rendered":"La Carte"},"content":{"rendered":"\t\t<div data-elementor-type=\"wp-page\" data-elementor-id=\"759\" class=\"elementor elementor-759\" data-elementor-post-type=\"page\">\n\t\t\t\t\t\t<section class=\"elementor-section elementor-top-section elementor-element elementor-element-17cdb90 elementor-section-boxed elementor-section-height-default elementor-section-height-default\" data-id=\"17cdb90\" data-element_type=\"section\" data-e-type=\"section\">\n\t\t\t\t\t\t<div class=\"elementor-container elementor-column-gap-default\">\n\t\t\t\t\t<div class=\"elementor-column elementor-col-100 elementor-top-column elementor-element elementor-element-59bd702\" data-id=\"59bd702\" data-element_type=\"column\" data-e-type=\"column\">\n\t\t\t<div class=\"elementor-widget-wrap elementor-element-populated\">\n\t\t\t\t\t\t<div class=\"elementor-element elementor-element-685c9cf elementor-widget elementor-widget-image\" data-id=\"685c9cf\" data-element_type=\"widget\" data-e-type=\"widget\" data-widget_type=\"image.default\">\n\t\t\t\t<div class=\"elementor-widget-container\">\n\t\t\t\t\t\t\t\t\t\t\t\t\t\t\t<img fetchpriority=\"high\" decoding=\"async\" width=\"300\" height=\"300\" src=\"https:\/\/www.restaurantlecedre.com\/wp-content\/uploads\/2024\/09\/restautant-baravin-300x300.png\" class=\"attachment-medium size-medium wp-image-3838\" alt=\"\" srcset=\"https:\/\/www.restaurantlecedre.com\/wp-content\/uploads\/2024\/09\/restautant-baravin-300x300.png 300w, https:\/\/www.restaurantlecedre.com\/wp-content\/uploads\/2024\/09\/restautant-baravin-1024x1024.png 1024w, https:\/\/www.restaurantlecedre.com\/wp-content\/uploads\/2024\/09\/restautant-baravin-150x150.png 150w, https:\/\/www.restaurantlecedre.com\/wp-content\/uploads\/2024\/09\/restautant-baravin-768x768.png 768w, https:\/\/www.restaurantlecedre.com\/wp-content\/uploads\/2024\/09\/restautant-baravin-1536x1536.png 1536w, https:\/\/www.restaurantlecedre.com\/wp-content\/uploads\/2024\/09\/restautant-baravin-2048x2048.png 2048w\" sizes=\"(max-width: 300px) 100vw, 300px\" \/>\t\t\t\t\t\t\t\t\t\t\t\t\t\t\t<\/div>\n\t\t\t\t<\/div>\n\t\t\t\t<div class=\"elementor-element elementor-element-7b4edec elementor-nav-menu__align-center elementor-nav-menu--dropdown-tablet elementor-nav-menu__text-align-aside elementor-nav-menu--toggle elementor-nav-menu--burger elementor-widget elementor-widget-nav-menu\" data-id=\"7b4edec\" data-element_type=\"widget\" data-e-type=\"widget\" data-settings=\"{&quot;layout&quot;:&quot;horizontal&quot;,&quot;submenu_icon&quot;:{&quot;value&quot;:&quot;&lt;i class=\\&quot;fas fa-caret-down\\&quot; aria-hidden=\\&quot;true\\&quot;&gt;&lt;\\\/i&gt;&quot;,&quot;library&quot;:&quot;fa-solid&quot;},&quot;toggle&quot;:&quot;burger&quot;}\" data-widget_type=\"nav-menu.default\">\n\t\t\t\t<div class=\"elementor-widget-container\">\n\t\t\t\t\t\t\t\t<nav aria-label=\"Menu\" class=\"elementor-nav-menu--main elementor-nav-menu__container elementor-nav-menu--layout-horizontal e--pointer-underline e--animation-fade\">\n\t\t\t\t<ul id=\"menu-1-7b4edec\" class=\"elementor-nav-menu\"><li class=\"menu-item menu-item-type-post_type menu-item-object-page menu-item-home menu-item-2468\"><a href=\"https:\/\/www.restaurantlecedre.com\/\" class=\"elementor-item\">Accueil<\/a><\/li>\n<li class=\"menu-item menu-item-type-post_type menu-item-object-page menu-item-1865\"><a href=\"https:\/\/www.restaurantlecedre.com\/index.php\/la-carte\/\" class=\"elementor-item\">La Carte<\/a><\/li>\n<li class=\"menu-item menu-item-type-post_type menu-item-object-page menu-item-3726\"><a href=\"https:\/\/www.restaurantlecedre.com\/index.php\/le-cedre-restaurant-bar-a-vin\/\" class=\"elementor-item\">\u00c9v\u00e9nements<\/a><\/li>\n<li class=\"menu-item menu-item-type-post_type menu-item-object-page menu-item-3717\"><a href=\"https:\/\/www.restaurantlecedre.com\/index.php\/groupe-et-privatisation\/\" class=\"elementor-item\">Groupe et privatisation<\/a><\/li>\n<li class=\"menu-item menu-item-type-post_type menu-item-object-page menu-item-1517\"><a href=\"https:\/\/www.restaurantlecedre.com\/index.php\/bon-cadeau\/\" class=\"elementor-item\">Bon Cadeau<\/a><\/li>\n<li class=\"menu-item menu-item-type-post_type menu-item-object-page menu-item-has-children menu-item-583\"><a href=\"https:\/\/www.restaurantlecedre.com\/index.php\/contact\/\" class=\"elementor-item\">Horaires &#038; Contact<\/a>\n<ul class=\"sub-menu elementor-nav-menu--dropdown\">\n\t<li class=\"menu-item menu-item-type-post_type menu-item-object-page menu-item-978\"><a href=\"https:\/\/www.restaurantlecedre.com\/?page_id=963\" class=\"elementor-sub-item\">Qui suis-je ?<\/a><\/li>\n<\/ul>\n<\/li>\n<\/ul>\t\t\t<\/nav>\n\t\t\t\t\t<div class=\"elementor-menu-toggle\" role=\"button\" tabindex=\"0\" aria-label=\"Permuter le menu\" aria-expanded=\"false\">\n\t\t\t<i aria-hidden=\"true\" role=\"presentation\" class=\"elementor-menu-toggle__icon--open eicon-menu-bar\"><\/i><i aria-hidden=\"true\" role=\"presentation\" class=\"elementor-menu-toggle__icon--close eicon-close\"><\/i>\t\t<\/div>\n\t\t\t\t\t<nav class=\"elementor-nav-menu--dropdown elementor-nav-menu__container\" aria-hidden=\"true\">\n\t\t\t\t<ul id=\"menu-2-7b4edec\" class=\"elementor-nav-menu\"><li class=\"menu-item menu-item-type-post_type menu-item-object-page menu-item-home menu-item-2468\"><a href=\"https:\/\/www.restaurantlecedre.com\/\" class=\"elementor-item\" tabindex=\"-1\">Accueil<\/a><\/li>\n<li class=\"menu-item menu-item-type-post_type menu-item-object-page menu-item-1865\"><a href=\"https:\/\/www.restaurantlecedre.com\/index.php\/la-carte\/\" class=\"elementor-item\" tabindex=\"-1\">La Carte<\/a><\/li>\n<li class=\"menu-item menu-item-type-post_type menu-item-object-page menu-item-3726\"><a href=\"https:\/\/www.restaurantlecedre.com\/index.php\/le-cedre-restaurant-bar-a-vin\/\" class=\"elementor-item\" tabindex=\"-1\">\u00c9v\u00e9nements<\/a><\/li>\n<li class=\"menu-item menu-item-type-post_type menu-item-object-page menu-item-3717\"><a href=\"https:\/\/www.restaurantlecedre.com\/index.php\/groupe-et-privatisation\/\" class=\"elementor-item\" tabindex=\"-1\">Groupe et privatisation<\/a><\/li>\n<li class=\"menu-item menu-item-type-post_type menu-item-object-page menu-item-1517\"><a href=\"https:\/\/www.restaurantlecedre.com\/index.php\/bon-cadeau\/\" class=\"elementor-item\" tabindex=\"-1\">Bon Cadeau<\/a><\/li>\n<li class=\"menu-item menu-item-type-post_type menu-item-object-page menu-item-has-children menu-item-583\"><a href=\"https:\/\/www.restaurantlecedre.com\/index.php\/contact\/\" class=\"elementor-item\" tabindex=\"-1\">Horaires &#038; Contact<\/a>\n<ul class=\"sub-menu elementor-nav-menu--dropdown\">\n\t<li class=\"menu-item menu-item-type-post_type menu-item-object-page menu-item-978\"><a href=\"https:\/\/www.restaurantlecedre.com\/?page_id=963\" class=\"elementor-sub-item\" tabindex=\"-1\">Qui suis-je ?<\/a><\/li>\n<\/ul>\n<\/li>\n<\/ul>\t\t\t<\/nav>\n\t\t\t\t\t\t<\/div>\n\t\t\t\t<\/div>\n\t\t\t\t\t<\/div>\n\t\t<\/div>\n\t\t\t\t\t<\/div>\n\t\t<\/section>\n\t\t\t\t<section class=\"elementor-section elementor-top-section elementor-element elementor-element-0d8cdff elementor-section-boxed elementor-section-height-default elementor-section-height-default\" data-id=\"0d8cdff\" data-element_type=\"section\" data-e-type=\"section\">\n\t\t\t\t\t\t<div class=\"elementor-container elementor-column-gap-default\">\n\t\t\t\t\t<div class=\"elementor-column elementor-col-100 elementor-top-column elementor-element elementor-element-0b0f6b2\" data-id=\"0b0f6b2\" data-element_type=\"column\" data-e-type=\"column\">\n\t\t\t<div class=\"elementor-widget-wrap elementor-element-populated\">\n\t\t\t\t\t\t<div class=\"elementor-element elementor-element-19db088 elementor-widget elementor-widget-heading\" data-id=\"19db088\" data-element_type=\"widget\" data-e-type=\"widget\" data-widget_type=\"heading.default\">\n\t\t\t\t<div class=\"elementor-widget-container\">\n\t\t\t\t\t<h2 class=\"elementor-heading-title elementor-size-default\">A NOTRE TABLE<\/h2>\t\t\t\t<\/div>\n\t\t\t\t<\/div>\n\t\t\t\t\t<\/div>\n\t\t<\/div>\n\t\t\t\t\t<\/div>\n\t\t<\/section>\n\t\t\t\t<section class=\"elementor-section elementor-top-section elementor-element elementor-element-87a6451 elementor-section-full_width elementor-section-height-default elementor-section-height-default\" data-id=\"87a6451\" data-element_type=\"section\" data-e-type=\"section\">\n\t\t\t\t\t\t<div class=\"elementor-container elementor-column-gap-default\">\n\t\t\t\t\t<div class=\"elementor-column elementor-col-100 elementor-top-column elementor-element elementor-element-ec8b85f\" data-id=\"ec8b85f\" data-element_type=\"column\" data-e-type=\"column\">\n\t\t\t<div class=\"elementor-widget-wrap elementor-element-populated\">\n\t\t\t\t\t\t<div class=\"elementor-element elementor-element-ca83dad elementor-widget elementor-widget-image\" data-id=\"ca83dad\" data-element_type=\"widget\" data-e-type=\"widget\" data-widget_type=\"image.default\">\n\t\t\t\t<div class=\"elementor-widget-container\">\n\t\t\t\t\t\t\t\t\t\t\t\t\t\t\t<img decoding=\"async\" width=\"100\" height=\"100\" src=\"https:\/\/www.restaurantlecedre.com\/wp-content\/uploads\/2021\/07\/LOGO_FAITMAISON_sombre_WEB.png\" class=\"attachment-medium_large size-medium_large wp-image-2032\" alt=\"\" \/>\t\t\t\t\t\t\t\t\t\t\t\t\t\t\t<\/div>\n\t\t\t\t<\/div>\n\t\t\t\t<div class=\"elementor-element elementor-element-a3d885c elementor-widget elementor-widget-text-editor\" data-id=\"a3d885c\" data-element_type=\"widget\" data-e-type=\"widget\" data-widget_type=\"text-editor.default\">\n\t\t\t\t<div class=\"elementor-widget-container\">\n\t\t\t\t\t\t\t\t\t<p style=\"text-align: left;\"><span style=\"font-size: 1rem;\">Au C\u00e8dre tout est \u00ab\u00a0fait maison\u00a0\u00bb, avec le plus possible d\u2019ingr\u00e9dients issus de l\u2019agriculture biologique, en <\/span>partenariat<span style=\"font-size: 1rem;\">\u00a0<\/span><span style=\"font-family: -apple-system, BlinkMacSystemFont, 'Segoe UI', Roboto, 'Helvetica Neue', Arial, 'Noto Sans', sans-serif; font-size: 1rem;\">avec des producteurs et artisans locaux :<\/span><\/p><p style=\"text-align: left;\">Notre pain biologique vient de Theiz\u00e9 : Au Fournil des Vignes.\u00a0<\/p><p style=\"text-align: left;\">Une partie des l\u00e9gumes:- Arc en Bio, Arnas, Frederic Nesmes.- La Jeannette, Limas.<\/p><p style=\"text-align: left;\"><span style=\"font-family: -apple-system, BlinkMacSystemFont, 'Segoe UI', Roboto, 'Helvetica Neue', Arial, 'Noto Sans', sans-serif; font-size: 1rem;\">Les glaces biologiques d&rsquo;Ard\u00e8che : Terre Ad\u00e9lice<\/span><\/p><p style=\"text-align: left;\"><span style=\"font-family: -apple-system, BlinkMacSystemFont, 'Segoe UI', Roboto, 'Helvetica Neue', Arial, 'Noto Sans', sans-serif; font-size: 1rem;\">La Farine biologique : Moulin des Gerbes D&rsquo;or<\/span><\/p><p style=\"text-align: left;\"><span style=\"font-size: 1rem;\">Le <\/span>poissonnier \u00a0: \u00ab\u00a0La Mostelle\u00a0\u00bb \u00e0 Liergues<\/p><p style=\"text-align: left;\">Notre caf\u00e9 : La Torr\u00e9, Villefranche sur Sa\u00f4ne<\/p><p>Nos vins : les vignerons du beaujolais, de France et d&rsquo;autres pays.<\/p><p style=\"text-align: left;\">Nous nous faisons un plaisir de vous servir une cuisine l\u00e9g\u00e8re et \u00e9quilibr\u00e9e en utilisant le minimum de produits laitiers, beurre, cr\u00e8me, lait \u2026Nous utilisons plut\u00f4t des lait d\u2019amandes, de riz, de la cr\u00e8me de soja, de la graisse de canard\u2026<\/p>\t\t\t\t\t\t\t\t<\/div>\n\t\t\t\t<\/div>\n\t\t\t\t\t<\/div>\n\t\t<\/div>\n\t\t\t\t\t<\/div>\n\t\t<\/section>\n\t\t\t\t<section class=\"elementor-section elementor-top-section elementor-element elementor-element-a8c4059 elementor-section-boxed elementor-section-height-default elementor-section-height-default\" data-id=\"a8c4059\" data-element_type=\"section\" data-e-type=\"section\">\n\t\t\t\t\t\t<div class=\"elementor-container elementor-column-gap-default\">\n\t\t\t\t\t<div class=\"elementor-column elementor-col-100 elementor-top-column elementor-element elementor-element-5b48744\" data-id=\"5b48744\" data-element_type=\"column\" data-e-type=\"column\" data-settings=\"{&quot;background_background&quot;:&quot;classic&quot;}\">\n\t\t\t<div class=\"elementor-widget-wrap elementor-element-populated\">\n\t\t\t\t\t\t<div class=\"elementor-element elementor-element-b5e9349 elementor-widget elementor-widget-heading\" data-id=\"b5e9349\" data-element_type=\"widget\" data-e-type=\"widget\" data-widget_type=\"heading.default\">\n\t\t\t\t<div class=\"elementor-widget-container\">\n\t\t\t\t\t<h2 class=\"elementor-heading-title elementor-size-default\">Pour le d\u00e9jeuner<\/h2>\t\t\t\t<\/div>\n\t\t\t\t<\/div>\n\t\t\t\t\t<\/div>\n\t\t<\/div>\n\t\t\t\t\t<\/div>\n\t\t<\/section>\n\t\t\t\t<section class=\"elementor-section elementor-top-section elementor-element elementor-element-9ed0d00 elementor-section-boxed elementor-section-height-default elementor-section-height-default\" data-id=\"9ed0d00\" data-element_type=\"section\" data-e-type=\"section\">\n\t\t\t\t\t\t<div class=\"elementor-container elementor-column-gap-default\">\n\t\t\t\t\t<div class=\"elementor-column elementor-col-100 elementor-top-column elementor-element elementor-element-f651d67\" data-id=\"f651d67\" data-element_type=\"column\" data-e-type=\"column\">\n\t\t\t<div class=\"elementor-widget-wrap elementor-element-populated\">\n\t\t\t\t\t\t<div class=\"elementor-element elementor-element-107c60a elementor-widget elementor-widget-image\" data-id=\"107c60a\" data-element_type=\"widget\" data-e-type=\"widget\" data-widget_type=\"image.default\">\n\t\t\t\t<div class=\"elementor-widget-container\">\n\t\t\t\t\t\t\t\t\t\t\t\t\t\t\t<img decoding=\"async\" width=\"724\" height=\"1024\" src=\"https:\/\/www.restaurantlecedre.com\/wp-content\/uploads\/2026\/04\/CARTE-MIDI-PRINTEMPS-26-1-724x1024.jpg\" class=\"attachment-large size-large wp-image-4618\" alt=\"\" srcset=\"https:\/\/www.restaurantlecedre.com\/wp-content\/uploads\/2026\/04\/CARTE-MIDI-PRINTEMPS-26-1-724x1024.jpg 724w, https:\/\/www.restaurantlecedre.com\/wp-content\/uploads\/2026\/04\/CARTE-MIDI-PRINTEMPS-26-1-212x300.jpg 212w, https:\/\/www.restaurantlecedre.com\/wp-content\/uploads\/2026\/04\/CARTE-MIDI-PRINTEMPS-26-1-768x1086.jpg 768w, https:\/\/www.restaurantlecedre.com\/wp-content\/uploads\/2026\/04\/CARTE-MIDI-PRINTEMPS-26-1-1086x1536.jpg 1086w, https:\/\/www.restaurantlecedre.com\/wp-content\/uploads\/2026\/04\/CARTE-MIDI-PRINTEMPS-26-1.jpg 1414w\" sizes=\"(max-width: 724px) 100vw, 724px\" \/>\t\t\t\t\t\t\t\t\t\t\t\t\t\t\t<\/div>\n\t\t\t\t<\/div>\n\t\t\t\t\t<\/div>\n\t\t<\/div>\n\t\t\t\t\t<\/div>\n\t\t<\/section>\n\t\t\t\t<section class=\"elementor-section elementor-top-section elementor-element elementor-element-31f5d61 elementor-section-full_width elementor-section-height-default elementor-section-height-default\" data-id=\"31f5d61\" data-element_type=\"section\" data-e-type=\"section\">\n\t\t\t\t\t\t<div class=\"elementor-container elementor-column-gap-no\">\n\t\t\t\t\t<div class=\"elementor-column elementor-col-100 elementor-top-column elementor-element elementor-element-59dd144\" data-id=\"59dd144\" data-element_type=\"column\" data-e-type=\"column\">\n\t\t\t<div class=\"elementor-widget-wrap elementor-element-populated\">\n\t\t\t\t\t\t<div class=\"elementor-element elementor-element-fd15c62 elementor-widget elementor-widget-heading\" data-id=\"fd15c62\" data-element_type=\"widget\" data-e-type=\"widget\" data-widget_type=\"heading.default\">\n\t\t\t\t<div class=\"elementor-widget-container\">\n\t\t\t\t\t<h3 class=\"elementor-heading-title elementor-size-large\">Pour d\u00eener en semaine <\/h3>\t\t\t\t<\/div>\n\t\t\t\t<\/div>\n\t\t\t\t\t<\/div>\n\t\t<\/div>\n\t\t\t\t\t<\/div>\n\t\t<\/section>\n\t\t\t\t<section class=\"elementor-section elementor-top-section elementor-element elementor-element-dc65970 elementor-section-boxed elementor-section-height-default elementor-section-height-default\" data-id=\"dc65970\" data-element_type=\"section\" data-e-type=\"section\">\n\t\t\t\t\t\t<div class=\"elementor-container elementor-column-gap-default\">\n\t\t\t\t\t<div class=\"elementor-column elementor-col-100 elementor-top-column elementor-element elementor-element-c14e783\" data-id=\"c14e783\" data-element_type=\"column\" data-e-type=\"column\">\n\t\t\t<div class=\"elementor-widget-wrap elementor-element-populated\">\n\t\t\t\t\t\t<div class=\"elementor-element elementor-element-39081a9 elementor-widget elementor-widget-image\" data-id=\"39081a9\" data-element_type=\"widget\" data-e-type=\"widget\" data-widget_type=\"image.default\">\n\t\t\t\t<div class=\"elementor-widget-container\">\n\t\t\t\t\t\t\t\t\t\t\t\t\t\t\t<img loading=\"lazy\" decoding=\"async\" width=\"724\" height=\"1024\" src=\"https:\/\/www.restaurantlecedre.com\/wp-content\/uploads\/2026\/04\/CARTE-PRINTEMPS-SOIR-26-724x1024.jpg\" class=\"attachment-large size-large wp-image-4613\" alt=\"\" srcset=\"https:\/\/www.restaurantlecedre.com\/wp-content\/uploads\/2026\/04\/CARTE-PRINTEMPS-SOIR-26-724x1024.jpg 724w, https:\/\/www.restaurantlecedre.com\/wp-content\/uploads\/2026\/04\/CARTE-PRINTEMPS-SOIR-26-212x300.jpg 212w, https:\/\/www.restaurantlecedre.com\/wp-content\/uploads\/2026\/04\/CARTE-PRINTEMPS-SOIR-26-768x1086.jpg 768w, https:\/\/www.restaurantlecedre.com\/wp-content\/uploads\/2026\/04\/CARTE-PRINTEMPS-SOIR-26-1086x1536.jpg 1086w, https:\/\/www.restaurantlecedre.com\/wp-content\/uploads\/2026\/04\/CARTE-PRINTEMPS-SOIR-26.jpg 1414w\" sizes=\"(max-width: 724px) 100vw, 724px\" \/>\t\t\t\t\t\t\t\t\t\t\t\t\t\t\t<\/div>\n\t\t\t\t<\/div>\n\t\t\t\t\t<\/div>\n\t\t<\/div>\n\t\t\t\t\t<\/div>\n\t\t<\/section>\n\t\t\t\t<section class=\"elementor-section elementor-top-section elementor-element elementor-element-ea89433 elementor-section-boxed elementor-section-height-default elementor-section-height-default\" data-id=\"ea89433\" data-element_type=\"section\" data-e-type=\"section\" data-settings=\"{&quot;background_background&quot;:&quot;classic&quot;}\">\n\t\t\t\t\t\t<div class=\"elementor-container elementor-column-gap-default\">\n\t\t\t\t\t<div class=\"elementor-column elementor-col-33 elementor-top-column elementor-element elementor-element-e9b862b\" data-id=\"e9b862b\" data-element_type=\"column\" data-e-type=\"column\">\n\t\t\t<div class=\"elementor-widget-wrap elementor-element-populated\">\n\t\t\t\t\t\t<div class=\"elementor-element elementor-element-d5669b4 elementor-widget elementor-widget-global elementor-global-703 elementor-widget-heading\" data-id=\"d5669b4\" data-element_type=\"widget\" data-e-type=\"widget\" data-widget_type=\"heading.default\">\n\t\t\t\t<div class=\"elementor-widget-container\">\n\t\t\t\t\t<h2 class=\"elementor-heading-title elementor-size-default\">Horaires d'ouverture <\/h2>\t\t\t\t<\/div>\n\t\t\t\t<\/div>\n\t\t\t\t<div class=\"elementor-element elementor-element-cffcc94 elementor-widget elementor-widget-global elementor-global-706 elementor-widget-text-editor\" data-id=\"cffcc94\" data-element_type=\"widget\" data-e-type=\"widget\" data-widget_type=\"text-editor.default\">\n\t\t\t\t<div class=\"elementor-widget-container\">\n\t\t\t\t\t\t\t\t\t<p><strong>Du Lundi au Samedi :<\/strong><\/p><p>D\u00e9jeuner de 12h \u00e0 14h<\/p><p>Soir\u00e9e de 19h \u00e0 22h<\/p><p><strong>Dimanche<\/strong>:<\/p><p>D\u00e9jeuner \u00a0de 12h \u00e0 14h<\/p>\t\t\t\t\t\t\t\t<\/div>\n\t\t\t\t<\/div>\n\t\t\t\t\t<\/div>\n\t\t<\/div>\n\t\t\t\t<div class=\"elementor-column elementor-col-33 elementor-top-column elementor-element elementor-element-c86e099\" data-id=\"c86e099\" data-element_type=\"column\" data-e-type=\"column\">\n\t\t\t<div class=\"elementor-widget-wrap elementor-element-populated\">\n\t\t\t\t\t\t<div class=\"elementor-element elementor-element-e953cc1 elementor-widget elementor-widget-global elementor-global-712 elementor-widget-text-editor\" data-id=\"e953cc1\" data-element_type=\"widget\" data-e-type=\"widget\" data-widget_type=\"text-editor.default\">\n\t\t\t\t<div class=\"elementor-widget-container\">\n\t\t\t\t\t\t\t\t\t<p><img loading=\"lazy\" decoding=\"async\" class=\"wp-image-693 aligncenter\" src=\"http:\/\/www.91baravin.com\/wp-content\/uploads\/2020\/09\/telephone.png\" alt=\"\" width=\"36\" height=\"36\" \/><a href=\"tel:+33474090268\">04 74 09 02 68<\/a><\/p>\t\t\t\t\t\t\t\t<\/div>\n\t\t\t\t<\/div>\n\t\t\t\t<div class=\"elementor-element elementor-element-1d7adfb elementor-view-stacked elementor-shape-circle elementor-position-block-start elementor-mobile-position-block-start elementor-widget elementor-widget-global elementor-global-715 elementor-widget-icon-box\" data-id=\"1d7adfb\" data-element_type=\"widget\" data-e-type=\"widget\" data-widget_type=\"icon-box.default\">\n\t\t\t\t<div class=\"elementor-widget-container\">\n\t\t\t\t\t\t\t<div class=\"elementor-icon-box-wrapper\">\n\n\t\t\t\t\t\t<div class=\"elementor-icon-box-icon\">\n\t\t\t\t<a href=\"tel:+33474090268\" class=\"elementor-icon\" tabindex=\"-1\">\n\t\t\t\t<i aria-hidden=\"true\" class=\"fas fa-map-marker-alt\"><\/i>\t\t\t\t<\/a>\n\t\t\t<\/div>\n\t\t\t\n\t\t\t\t\t\t<div class=\"elementor-icon-box-content\">\n\n\t\t\t\t\n\t\t\t\t\t\t\t\t\t<p class=\"elementor-icon-box-description\">\n\t\t\t\t\t\t196 rue Roncevaux\n\n69400 Villefranche S\/ Sa\u00f4ne\t\t\t\t\t<\/p>\n\t\t\t\t\n\t\t\t<\/div>\n\t\t\t\n\t\t<\/div>\n\t\t\t\t\t\t<\/div>\n\t\t\t\t<\/div>\n\t\t\t\t<div class=\"elementor-element elementor-element-0d25b9f elementor-shape-circle elementor-grid-0 e-grid-align-center elementor-widget elementor-widget-global elementor-global-718 elementor-widget-social-icons\" data-id=\"0d25b9f\" data-element_type=\"widget\" data-e-type=\"widget\" data-widget_type=\"social-icons.default\">\n\t\t\t\t<div class=\"elementor-widget-container\">\n\t\t\t\t\t\t\t<div class=\"elementor-social-icons-wrapper elementor-grid\" role=\"list\">\n\t\t\t\t\t\t\t<span class=\"elementor-grid-item\" role=\"listitem\">\n\t\t\t\t\t<a class=\"elementor-icon elementor-social-icon elementor-social-icon-facebook elementor-repeater-item-092d559\" href=\"https:\/\/www.facebook.com\/restaurantlecedrevillefranche\" target=\"_blank\">\n\t\t\t\t\t\t<span class=\"elementor-screen-only\">Facebook<\/span>\n\t\t\t\t\t\t<i aria-hidden=\"true\" class=\"fab fa-facebook\"><\/i>\t\t\t\t\t<\/a>\n\t\t\t\t<\/span>\n\t\t\t\t\t\t\t<span class=\"elementor-grid-item\" role=\"listitem\">\n\t\t\t\t\t<a class=\"elementor-icon elementor-social-icon elementor-social-icon-tripadvisor elementor-repeater-item-6e7c06c\" href=\"https:\/\/www.tripadvisor.fr\/Restaurant_Review-g187274-d6689094-Reviews-91_Rue_Stalingrad-Villefranche_sur_Saone_Rhone_Auvergne_Rhone_Alpes.html\" target=\"_blank\">\n\t\t\t\t\t\t<span class=\"elementor-screen-only\">Tripadvisor<\/span>\n\t\t\t\t\t\t<i aria-hidden=\"true\" class=\"fab fa-tripadvisor\"><\/i>\t\t\t\t\t<\/a>\n\t\t\t\t<\/span>\n\t\t\t\t\t\t\t<span class=\"elementor-grid-item\" role=\"listitem\">\n\t\t\t\t\t<a class=\"elementor-icon elementor-social-icon elementor-social-icon-instagram elementor-repeater-item-8927cc6\" href=\"https:\/\/www.instagram.com\/le_cedre_villefranche\/\" target=\"_blank\">\n\t\t\t\t\t\t<span class=\"elementor-screen-only\">Instagram<\/span>\n\t\t\t\t\t\t<i aria-hidden=\"true\" class=\"fab fa-instagram\"><\/i>\t\t\t\t\t<\/a>\n\t\t\t\t<\/span>\n\t\t\t\t\t<\/div>\n\t\t\t\t\t\t<\/div>\n\t\t\t\t<\/div>\n\t\t\t\t<div class=\"elementor-element elementor-element-b806c35 elementor-widget elementor-widget-image\" data-id=\"b806c35\" data-element_type=\"widget\" data-e-type=\"widget\" data-widget_type=\"image.default\">\n\t\t\t\t<div class=\"elementor-widget-container\">\n\t\t\t\t\t\t\t\t\t\t\t\t\t\t\t\t<a href=\"https:\/\/www.raisin.digital\/en\/le-cedre-5601\/\">\n\t\t\t\t\t\t\t<img loading=\"lazy\" decoding=\"async\" width=\"150\" height=\"150\" src=\"https:\/\/www.restaurantlecedre.com\/wp-content\/uploads\/2020\/09\/Welcome-2012838069-e1708885334439-150x150.png\" class=\"attachment-thumbnail size-thumbnail wp-image-3380\" alt=\"\" \/>\t\t\t\t\t\t\t\t<\/a>\n\t\t\t\t\t\t\t\t\t\t\t\t\t\t\t<\/div>\n\t\t\t\t<\/div>\n\t\t\t\t<div class=\"elementor-element elementor-element-765d572 elementor-widget elementor-widget-global elementor-global-721 elementor-widget-image\" data-id=\"765d572\" data-element_type=\"widget\" data-e-type=\"widget\" data-widget_type=\"image.default\">\n\t\t\t\t<div class=\"elementor-widget-container\">\n\t\t\t\t\t\t\t\t\t\t\t\t\t\t\t\t<a href=\"https:\/\/www.beaujolais.com\/deguster\/les-bistrots-beaujolais-l-ame-du-vignoble-du-verre-a-lassiette\/\" target=\"_blank\">\n\t\t\t\t\t\t\t<img decoding=\"async\" src=\"https:\/\/www.restaurantlecedre.com\/wp-content\/uploads\/elementor\/thumbs\/bistrot-beaujolais-qtt47y82wginoc80aqj13p4w1n6rqlaswkojhelzko.png\" title=\"bistrot-beaujolais\" alt=\"bistrot-beaujolais\" loading=\"lazy\" \/>\t\t\t\t\t\t\t\t<\/a>\n\t\t\t\t\t\t\t\t\t\t\t\t\t\t\t<\/div>\n\t\t\t\t<\/div>\n\t\t\t\t\t<\/div>\n\t\t<\/div>\n\t\t\t\t<div class=\"elementor-column elementor-col-33 elementor-top-column elementor-element elementor-element-beb00f3\" data-id=\"beb00f3\" data-element_type=\"column\" data-e-type=\"column\">\n\t\t\t<div class=\"elementor-widget-wrap elementor-element-populated\">\n\t\t\t\t\t\t<div class=\"elementor-element elementor-element-3766f12 elementor-widget elementor-widget-global elementor-global-724 elementor-widget-google_maps\" data-id=\"3766f12\" data-element_type=\"widget\" data-e-type=\"widget\" data-widget_type=\"google_maps.default\">\n\t\t\t\t<div class=\"elementor-widget-container\">\n\t\t\t\t\t\t\t<div class=\"elementor-custom-embed\">\n\t\t\t<iframe loading=\"lazy\"\n\t\t\t\t\tsrc=\"https:\/\/maps.google.com\/maps?q=196%20rue%20Roncevaux%2069400%20Villefranche%20sur%20saone&#038;t=m&#038;z=14&#038;output=embed&#038;iwloc=near\"\n\t\t\t\t\ttitle=\"196 rue Roncevaux 69400 Villefranche sur saone\"\n\t\t\t\t\taria-label=\"196 rue Roncevaux 69400 Villefranche sur saone\"\n\t\t\t><\/iframe>\n\t\t<\/div>\n\t\t\t\t\t\t<\/div>\n\t\t\t\t<\/div>\n\t\t\t\t\t<\/div>\n\t\t<\/div>\n\t\t\t\t\t<\/div>\n\t\t<\/section>\n\t\t\t\t<section class=\"elementor-section elementor-top-section elementor-element elementor-element-fcec462 elementor-section-boxed elementor-section-height-default elementor-section-height-default\" data-id=\"fcec462\" data-element_type=\"section\" data-e-type=\"section\">\n\t\t\t\t\t\t<div class=\"elementor-container elementor-column-gap-default\">\n\t\t\t\t\t<div class=\"elementor-column elementor-col-100 elementor-top-column elementor-element elementor-element-ce90257\" data-id=\"ce90257\" data-element_type=\"column\" data-e-type=\"column\">\n\t\t\t<div class=\"elementor-widget-wrap\">\n\t\t\t\t\t\t\t<\/div>\n\t\t<\/div>\n\t\t\t\t\t<\/div>\n\t\t<\/section>\n\t\t\t\t<\/div>\n\t\t","protected":false},"excerpt":{"rendered":"<p>A NOTRE TABLE Au C\u00e8dre tout est \u00ab\u00a0fait maison\u00a0\u00bb, avec le plus possible d\u2019ingr\u00e9dients issus de l\u2019agriculture biologique, en partenariat\u00a0avec des producteurs et artisans locaux : Notre pain biologique vient de Theiz\u00e9 : Au Fournil des Vignes.\u00a0 Une partie des l\u00e9gumes:- Arc en Bio, Arnas, Frederic Nesmes.- La Jeannette, Limas. Les glaces biologiques d&rsquo;Ard\u00e8che : [&hellip;]<\/p>\n","protected":false},"author":1,"featured_media":0,"parent":0,"menu_order":0,"comment_status":"closed","ping_status":"closed","template":"elementor_canvas","meta":{"_monsterinsights_skip_tracking":false,"_monsterinsights_sitenote_active":false,"_monsterinsights_sitenote_note":"","_monsterinsights_sitenote_category":0,"footnotes":""},"class_list":["post-759","page","type-page","status-publish","hentry"],"yoast_head":"<!-- This site is optimized with the Yoast SEO plugin v27.2 - https:\/\/yoast.com\/product\/yoast-seo-wordpress\/ -->\n<title>La Carte 91 Bar A Vin Restaurant Villefranche Sur Saone<\/title>\n<meta name=\"description\" content=\"D\u00e9couvrez d\u00e8s \u00e0 pr\u00e9sent notre menu du jour pour vos d\u00e9jeuners et nos suggestions \u00e0 la carte par le Chef Maxime Mas.\" \/>\n<meta name=\"robots\" content=\"index, follow, max-snippet:-1, max-image-preview:large, max-video-preview:-1\" \/>\n<link rel=\"canonical\" href=\"https:\/\/www.restaurantlecedre.com\/index.php\/la-carte\/\" \/>\n<meta property=\"og:locale\" content=\"fr_FR\" \/>\n<meta property=\"og:type\" content=\"article\" \/>\n<meta property=\"og:title\" content=\"La Carte 91 Bar A Vin Restaurant Villefranche Sur Saone\" \/>\n<meta property=\"og:description\" content=\"D\u00e9couvrez d\u00e8s \u00e0 pr\u00e9sent notre menu du jour pour vos d\u00e9jeuners et nos suggestions \u00e0 la carte par le Chef Maxime Mas.\" \/>\n<meta property=\"og:url\" content=\"https:\/\/www.restaurantlecedre.com\/index.php\/la-carte\/\" \/>\n<meta property=\"og:site_name\" content=\"restaurantlecedre\" \/>\n<meta property=\"article:publisher\" content=\"https:\/\/www.facebook.com\/le91baravin\" \/>\n<meta property=\"article:modified_time\" content=\"2026-04-29T17:18:01+00:00\" \/>\n<meta property=\"og:image\" content=\"https:\/\/www.restaurantlecedre.com\/wp-content\/uploads\/2024\/09\/restautant-baravin.png\" \/>\n\t<meta property=\"og:image:width\" content=\"3224\" \/>\n\t<meta property=\"og:image:height\" content=\"3224\" \/>\n\t<meta property=\"og:image:type\" content=\"image\/png\" \/>\n<meta name=\"twitter:card\" content=\"summary_large_image\" \/>\n<meta name=\"twitter:label1\" content=\"Dur\u00e9e de lecture estim\u00e9e\" \/>\n\t<meta name=\"twitter:data1\" content=\"3 minutes\" \/>\n<script type=\"application\/ld+json\" class=\"yoast-schema-graph\">{\"@context\":\"https:\/\/schema.org\",\"@graph\":[{\"@type\":\"WebPage\",\"@id\":\"https:\/\/www.restaurantlecedre.com\/index.php\/la-carte\/\",\"url\":\"https:\/\/www.restaurantlecedre.com\/index.php\/la-carte\/\",\"name\":\"La Carte 91 Bar A Vin Restaurant Villefranche Sur Saone\",\"isPartOf\":{\"@id\":\"https:\/\/www.restaurantlecedre.com\/#website\"},\"primaryImageOfPage\":{\"@id\":\"https:\/\/www.restaurantlecedre.com\/index.php\/la-carte\/#primaryimage\"},\"image\":{\"@id\":\"https:\/\/www.restaurantlecedre.com\/index.php\/la-carte\/#primaryimage\"},\"thumbnailUrl\":\"https:\/\/www.restaurantlecedre.com\/wp-content\/uploads\/2024\/09\/restautant-baravin-300x300.png\",\"datePublished\":\"2020-09-16T14:17:51+00:00\",\"dateModified\":\"2026-04-29T17:18:01+00:00\",\"description\":\"D\u00e9couvrez d\u00e8s \u00e0 pr\u00e9sent notre menu du jour pour vos d\u00e9jeuners et nos suggestions \u00e0 la carte par le Chef Maxime Mas.\",\"breadcrumb\":{\"@id\":\"https:\/\/www.restaurantlecedre.com\/index.php\/la-carte\/#breadcrumb\"},\"inLanguage\":\"fr-FR\",\"potentialAction\":[{\"@type\":\"ReadAction\",\"target\":[\"https:\/\/www.restaurantlecedre.com\/index.php\/la-carte\/\"]}]},{\"@type\":\"ImageObject\",\"inLanguage\":\"fr-FR\",\"@id\":\"https:\/\/www.restaurantlecedre.com\/index.php\/la-carte\/#primaryimage\",\"url\":\"https:\/\/www.restaurantlecedre.com\/wp-content\/uploads\/2024\/09\/restautant-baravin.png\",\"contentUrl\":\"https:\/\/www.restaurantlecedre.com\/wp-content\/uploads\/2024\/09\/restautant-baravin.png\",\"width\":3224,\"height\":3224},{\"@type\":\"BreadcrumbList\",\"@id\":\"https:\/\/www.restaurantlecedre.com\/index.php\/la-carte\/#breadcrumb\",\"itemListElement\":[{\"@type\":\"ListItem\",\"position\":1,\"name\":\"Accueil\",\"item\":\"https:\/\/www.restaurantlecedre.com\/\"},{\"@type\":\"ListItem\",\"position\":2,\"name\":\"La Carte\"}]},{\"@type\":\"WebSite\",\"@id\":\"https:\/\/www.restaurantlecedre.com\/#website\",\"url\":\"https:\/\/www.restaurantlecedre.com\/\",\"name\":\"restaurantlecedre\",\"description\":\"Restaurant-bar a vin- caviste\",\"publisher\":{\"@id\":\"https:\/\/www.restaurantlecedre.com\/#organization\"},\"potentialAction\":[{\"@type\":\"SearchAction\",\"target\":{\"@type\":\"EntryPoint\",\"urlTemplate\":\"https:\/\/www.restaurantlecedre.com\/?s={search_term_string}\"},\"query-input\":{\"@type\":\"PropertyValueSpecification\",\"valueRequired\":true,\"valueName\":\"search_term_string\"}}],\"inLanguage\":\"fr-FR\"},{\"@type\":\"Organization\",\"@id\":\"https:\/\/www.restaurantlecedre.com\/#organization\",\"name\":\"restaurantlecedre\",\"url\":\"https:\/\/www.restaurantlecedre.com\/\",\"logo\":{\"@type\":\"ImageObject\",\"inLanguage\":\"fr-FR\",\"@id\":\"https:\/\/www.restaurantlecedre.com\/#\/schema\/logo\/image\/\",\"url\":\"https:\/\/www.restaurantlecedre.com\/wp-content\/uploads\/2024\/09\/cropped-restautant-baravin-1.png\",\"contentUrl\":\"https:\/\/www.restaurantlecedre.com\/wp-content\/uploads\/2024\/09\/cropped-restautant-baravin-1.png\",\"width\":512,\"height\":512,\"caption\":\"restaurantlecedre\"},\"image\":{\"@id\":\"https:\/\/www.restaurantlecedre.com\/#\/schema\/logo\/image\/\"},\"sameAs\":[\"https:\/\/www.facebook.com\/le91baravin\"]}]}<\/script>\n<!-- \/ Yoast SEO plugin. -->","yoast_head_json":{"title":"La Carte 91 Bar A Vin Restaurant Villefranche Sur Saone","description":"D\u00e9couvrez d\u00e8s \u00e0 pr\u00e9sent notre menu du jour pour vos d\u00e9jeuners et nos suggestions \u00e0 la carte par le Chef Maxime Mas.","robots":{"index":"index","follow":"follow","max-snippet":"max-snippet:-1","max-image-preview":"max-image-preview:large","max-video-preview":"max-video-preview:-1"},"canonical":"https:\/\/www.restaurantlecedre.com\/index.php\/la-carte\/","og_locale":"fr_FR","og_type":"article","og_title":"La Carte 91 Bar A Vin Restaurant Villefranche Sur Saone","og_description":"D\u00e9couvrez d\u00e8s \u00e0 pr\u00e9sent notre menu du jour pour vos d\u00e9jeuners et nos suggestions \u00e0 la carte par le Chef Maxime Mas.","og_url":"https:\/\/www.restaurantlecedre.com\/index.php\/la-carte\/","og_site_name":"restaurantlecedre","article_publisher":"https:\/\/www.facebook.com\/le91baravin","article_modified_time":"2026-04-29T17:18:01+00:00","og_image":[{"width":3224,"height":3224,"url":"https:\/\/www.restaurantlecedre.com\/wp-content\/uploads\/2024\/09\/restautant-baravin.png","type":"image\/png"}],"twitter_card":"summary_large_image","twitter_misc":{"Dur\u00e9e de lecture estim\u00e9e":"3 minutes"},"schema":{"@context":"https:\/\/schema.org","@graph":[{"@type":"WebPage","@id":"https:\/\/www.restaurantlecedre.com\/index.php\/la-carte\/","url":"https:\/\/www.restaurantlecedre.com\/index.php\/la-carte\/","name":"La Carte 91 Bar A Vin Restaurant Villefranche Sur Saone","isPartOf":{"@id":"https:\/\/www.restaurantlecedre.com\/#website"},"primaryImageOfPage":{"@id":"https:\/\/www.restaurantlecedre.com\/index.php\/la-carte\/#primaryimage"},"image":{"@id":"https:\/\/www.restaurantlecedre.com\/index.php\/la-carte\/#primaryimage"},"thumbnailUrl":"https:\/\/www.restaurantlecedre.com\/wp-content\/uploads\/2024\/09\/restautant-baravin-300x300.png","datePublished":"2020-09-16T14:17:51+00:00","dateModified":"2026-04-29T17:18:01+00:00","description":"D\u00e9couvrez d\u00e8s \u00e0 pr\u00e9sent notre menu du jour pour vos d\u00e9jeuners et nos suggestions \u00e0 la carte par le Chef Maxime Mas.","breadcrumb":{"@id":"https:\/\/www.restaurantlecedre.com\/index.php\/la-carte\/#breadcrumb"},"inLanguage":"fr-FR","potentialAction":[{"@type":"ReadAction","target":["https:\/\/www.restaurantlecedre.com\/index.php\/la-carte\/"]}]},{"@type":"ImageObject","inLanguage":"fr-FR","@id":"https:\/\/www.restaurantlecedre.com\/index.php\/la-carte\/#primaryimage","url":"https:\/\/www.restaurantlecedre.com\/wp-content\/uploads\/2024\/09\/restautant-baravin.png","contentUrl":"https:\/\/www.restaurantlecedre.com\/wp-content\/uploads\/2024\/09\/restautant-baravin.png","width":3224,"height":3224},{"@type":"BreadcrumbList","@id":"https:\/\/www.restaurantlecedre.com\/index.php\/la-carte\/#breadcrumb","itemListElement":[{"@type":"ListItem","position":1,"name":"Accueil","item":"https:\/\/www.restaurantlecedre.com\/"},{"@type":"ListItem","position":2,"name":"La Carte"}]},{"@type":"WebSite","@id":"https:\/\/www.restaurantlecedre.com\/#website","url":"https:\/\/www.restaurantlecedre.com\/","name":"restaurantlecedre","description":"Restaurant-bar a vin- caviste","publisher":{"@id":"https:\/\/www.restaurantlecedre.com\/#organization"},"potentialAction":[{"@type":"SearchAction","target":{"@type":"EntryPoint","urlTemplate":"https:\/\/www.restaurantlecedre.com\/?s={search_term_string}"},"query-input":{"@type":"PropertyValueSpecification","valueRequired":true,"valueName":"search_term_string"}}],"inLanguage":"fr-FR"},{"@type":"Organization","@id":"https:\/\/www.restaurantlecedre.com\/#organization","name":"restaurantlecedre","url":"https:\/\/www.restaurantlecedre.com\/","logo":{"@type":"ImageObject","inLanguage":"fr-FR","@id":"https:\/\/www.restaurantlecedre.com\/#\/schema\/logo\/image\/","url":"https:\/\/www.restaurantlecedre.com\/wp-content\/uploads\/2024\/09\/cropped-restautant-baravin-1.png","contentUrl":"https:\/\/www.restaurantlecedre.com\/wp-content\/uploads\/2024\/09\/cropped-restautant-baravin-1.png","width":512,"height":512,"caption":"restaurantlecedre"},"image":{"@id":"https:\/\/www.restaurantlecedre.com\/#\/schema\/logo\/image\/"},"sameAs":["https:\/\/www.facebook.com\/le91baravin"]}]}},"_links":{"self":[{"href":"https:\/\/www.restaurantlecedre.com\/index.php\/wp-json\/wp\/v2\/pages\/759","targetHints":{"allow":["GET"]}}],"collection":[{"href":"https:\/\/www.restaurantlecedre.com\/index.php\/wp-json\/wp\/v2\/pages"}],"about":[{"href":"https:\/\/www.restaurantlecedre.com\/index.php\/wp-json\/wp\/v2\/types\/page"}],"author":[{"embeddable":true,"href":"https:\/\/www.restaurantlecedre.com\/index.php\/wp-json\/wp\/v2\/users\/1"}],"replies":[{"embeddable":true,"href":"https:\/\/www.restaurantlecedre.com\/index.php\/wp-json\/wp\/v2\/comments?post=759"}],"version-history":[{"count":971,"href":"https:\/\/www.restaurantlecedre.com\/index.php\/wp-json\/wp\/v2\/pages\/759\/revisions"}],"predecessor-version":[{"id":4621,"href":"https:\/\/www.restaurantlecedre.com\/index.php\/wp-json\/wp\/v2\/pages\/759\/revisions\/4621"}],"wp:attachment":[{"href":"https:\/\/www.restaurantlecedre.com\/index.php\/wp-json\/wp\/v2\/media?parent=759"}],"curies":[{"name":"wp","href":"https:\/\/api.w.org\/{rel}","templated":true}]}}